{"id":511,"date":"2017-12-29T12:29:46","date_gmt":"2017-12-29T12:29:46","guid":{"rendered":"https:\/\/wp.campingpalazzina.ch\/?page_id=511"},"modified":"2023-02-10T23:05:41","modified_gmt":"2023-02-10T23:05:41","slug":"home-2","status":"publish","type":"page","link":"https:\/\/www.campingpalazzina.ch\/","title":{"rendered":"Home 2"},"content":{"rendered":"<p>[vc_row hide_bg_image_on_tablet=&#8221;&#8221; hide_bg_image_on_mobile=&#8221;&#8221; shape_divider_top_front=&#8221;&#8221; shape_divider_bottom_front=&#8221;&#8221; row_delimiter=&#8221;&#8221; hide_on_desktop=&#8221;&#8221; hide_on_notebook=&#8221;&#8221; hide_on_tablet=&#8221;&#8221; hide_on_mobile=&#8221;&#8221; hide_on_frontpage=&#8221;&#8221;][vc_column icons_position=&#8221;left&#8221;][rev_slider_vc alias=&#8221;slider-3&#8243;][\/vc_column][\/vc_row][vc_row full_width=&#8221;stretch_row&#8221; hide_bg_image_on_tablet=&#8221;&#8221; hide_bg_image_on_mobile=&#8221;&#8221; css=&#8221;.vc_custom_1528813149528{margin-top: -1px !important;background-image: url(https:\/\/www.campingpalazzina.ch\/wp-content\/uploads\/2018\/05\/bg-bend.png?id=664) !important;background-position: bottom center !important;background-repeat: no-repeat !important;}&#8221;][vc_column hide_bg_image_on_tablet=&#8221;&#8221; hide_bg_image_on_mobile=&#8221;&#8221; icons_position=&#8221;left&#8221; css=&#8221;.vc_custom_1524663957365{background-size: cover !important;}&#8221;][vc_empty_space height=&#8221;7.5vw&#8221; alter_height=&#8221;none&#8221; hide_on_desktop=&#8221;&#8221; hide_on_notebook=&#8221;&#8221; hide_on_tablet=&#8221;&#8221; hide_on_mobile=&#8221;&#8221;][\/vc_column][\/vc_row][vc_row full_width=&#8221;stretch_row&#8221; hide_bg_image_on_tablet=&#8221;&#8221; hide_bg_image_on_mobile=&#8221;&#8221; css=&#8221;.vc_custom_1674424984313{background-image: url(https:\/\/www.campingpalazzina.ch\/wp-content\/uploads\/2023\/01\/DSC_1216.gif?id=1613) !important;background-position: center !important;background-repeat: no-repeat !important;background-size: cover !important;}&#8221;][vc_column fix_column=&#8221;&#8221; icons_position=&#8221;left&#8221;][vc_empty_space height=&#8221;10.8vw&#8221; alter_height=&#8221;none&#8221; hide_on_desktop=&#8221;&#8221; hide_on_notebook=&#8221;&#8221; hide_on_tablet=&#8221;&#8221; hide_on_mobile=&#8221;&#8221;]<div  id=\"sc_action_1570435856\" \n\tclass=\"sc_action color_style_default scheme_dark sc_action_default\"><div class=\"sc_action_columns_wrap sc_item_columns trx_addons_columns_wrap columns_padding_bottom\"><div class=\"trx_addons_column-1_2\"><div class=\"sc_action_item sc_action_item_default sc_action_item_mc\">\n\t\t\t<h6 class=\"sc_action_item_subtitle\"><span>Accanto al fiume Vedeggio<\/span><\/h6><h3 class=\"sc_action_item_title\"><span>Nel verde della natura<\/span><\/h3><div class=\"sc_action_item_description\"><span>Un campeggio comodo, vicino a molti servizi ed attrazioni tra Bellinzona e Lugano<\/span><span><\/span><\/div><a href=\"https:\/\/www.campingpalazzina.ch\/index.php\/book-a-place\/\" class=\"sc_action_item_link sc_button sc_button_size_medium\">Prenota ora \/ Book Now<\/a><div class=\"sc_action_item_info\"><span>Prezzi vantaggiosi<\/span><\/div><\/div><\/div><div class=\"trx_addons_column-1_2\"><div class=\"sc_action_item sc_action_item_default sc_action_item_mc\">\n\t\t\t<h6 class=\"sc_action_item_subtitle\"><span>Am Ufer des Vedeggio-Flusses<\/span><\/h6><h3 class=\"sc_action_item_title\"><span>im Gr\u00fcnen der Natur<\/span><\/h3><div class=\"sc_action_item_description\"><span>Ein bequemer Campingplatz in der N\u00e4he vieler Annehmlichkeiten und Attraktionen zwischen Bellinzona und Lugano<\/span><\/div><a href=\"https:\/\/www.campingpalazzina.ch\/index.p\" class=\"sc_action_item_link sc_button sc_button_size_medium\">jetzt reservieren<\/a><div class=\"sc_action_item_info\"><span>attraktive Preise<\/span><\/div><\/div><\/div><\/div><\/div><!-- \/.sc_action -->[vc_empty_space height=&#8221;9vw&#8221; alter_height=&#8221;none&#8221; hide_on_desktop=&#8221;&#8221; hide_on_notebook=&#8221;&#8221; hide_on_tablet=&#8221;&#8221; hide_on_mobile=&#8221;&#8221;][\/vc_column][\/vc_row][vc_row][vc_column icons_position=&#8221;left&#8221;][vc_empty_space height=&#8221;5.8vw&#8221; alter_height=&#8221;none&#8221; hide_on_desktop=&#8221;&#8221; hide_on_notebook=&#8221;&#8221; hide_on_tablet=&#8221;&#8221; hide_on_mobile=&#8221;&#8221;]<div id=\"sc_properties_168092785\" class=\"sc_properties color_style_default sc_properties_default\"><h2 class=\"sc_item_title sc_properties_title sc_align_center sc_item_title_style_default\">Piazzole per campeggio<\/h2><h6 class=\"sc_item_subtitle sc_properties_subtitle sc_align_center sc_item_title_style_default\">Grundst\u00fccke \/ Camping Pitches<\/h6><div id=\"sc_properties_168092785_outer\" class=\"sc_services_slider sc_item_slider slider_swiper_outer slider_outer slider_outer_controls slider_outer_controls_side slider_outer_nopagination slider_outer_multi\">\n\t<div id=\"sc_properties_168092785_swiper\" class=\"slider_container swiper-slider-container slider_swiper slider_noresize slider_controls slider_controls_side slider_nopagination slider_multi\" data-slides-per-view=\"3\" data-slides-min-width=\"200\" data-pagination=\"bullets\">\n\t\t<div class=\"slides slider-wrapper swiper-wrapper sc_item_columns_3\"><div class=\"slider-slide swiper-slide\"><div class=\"sc_properties_item with_image with_content\">\n\t<div class=\"post_featured with_thumb hover_ sc_properties_item_thumb\"><img loading=\"lazy\" decoding=\"async\" width=\"407\" height=\"275\" src=\"https:\/\/www.campingpalazzina.ch\/wp-content\/uploads\/2018\/05\/5bea4a2c-5418-4865-8a50-2102a2830488-407x275.jpg\" class=\"attachment-the_mounty-thumb-med size-the_mounty-thumb-med wp-post-image\" alt=\"\" \/><a href=\"https:\/\/www.campingpalazzina.ch\/index.php\/properties\/compact-trailers\/\" aria-hidden=\"true\" class=\"icons\"><\/a><div class=\"sc_properties_image_info\"><div class=\"sc_properties_item_price\"><span class=\"properties_price\"><span class=\"properties_price_label properties_price_before\">CHF<\/span><span class=\"properties_price_data properties_price1\">10<\/span><span class=\"properties_price_label properties_price_after\">per giorno \/ Taglich \/ day<\/span><\/span><\/div><div class=\"sc_properties_item_labels\"><\/div><\/div><\/div><div class=\"sc_properties_item_info\">\n\t\t<div class=\"sc_properties_item_header\"><h5 class=\"sc_properties_item_title\"><a href=\"https:\/\/www.campingpalazzina.ch\/index.php\/properties\/compact-trailers\/\">Piazzola per Roulotte \/ Roulotte Grundst\u00fccke<\/a><\/h5><p>Piazzola per Roulotte<\/p>\n<div class=\"sc_properties_item_status\"><\/div><div class=\"sc_properties_item_type\"><\/div><span class=\"sc_properties_item_compare trx_addons_icon-balance-scale\" \n\t\t\t\t\tdata-property-id=\"621\" \n\t\t\t\t\ttitle=\"Add to compare list\"><\/span>\n\t\t<\/div>\n\t\t<div class=\"sc_properties_item_options\">\n\t\t\t<div class=\"sc_properties_item_row sc_properties_item_row_info\"><\/div>\n\t\t\t<div class=\"sc_properties_item_row sc_properties_item_row_info\"><\/div>\n\t\t\t<div class=\"sc_properties_item_row sc_properties_item_row_address\"><span class=\"sc_properties_item_option sc_properties_item_address\" title=\"Address\">\n\t\t\t\t\t<span class=\"sc_properties_item_option_label\">\n\t\t\t\t\t\t<span class=\"sc_properties_item_option_label_icon trx_addons_icon-home\"><\/span>\n\t\t\t\t\t\t<span class=\"sc_properties_item_option_label_text\">Address:<\/span>\n\t\t\t\t\t<\/span>\n\t\t\t\t\t<span class=\"sc_properties_item_option_data\"><span class=\"properties_address\"><span class=\"properties_address_item\">Via Palazzina Mezzovico<\/span><span class=\"properties_address_item\"><a href=\"https:\/\/www.campingpalazzina.ch\/index.php\/properties_city\/mezzovico\/\" title=\"Show all properties from Mezzovico\">Mezzovico<\/a><\/span><\/span><\/span>\n\t\t\t\t<\/span><\/div>\n\t\t\t<div class=\"sc_properties_item_row sc_properties_item_row_meta\"><span class=\"sc_properties_item_option sc_properties_item_date\" title=\"Publish date\">\n\t\t\t\t\t<span class=\"sc_properties_item_option_label\">\n\t\t\t\t\t\t<span class=\"sc_properties_item_option_label_icon trx_addons_icon-calendar\"><\/span>\n\t\t\t\t\t\t<span class=\"sc_properties_item_option_label_text\">Added:<\/span>\n\t\t\t\t\t<\/span>\n\t\t\t\t\t<span class=\"sc_properties_item_option_data\">14.05.18<\/span>\n\t\t\t\t<\/span><\/div>            <div class=\"properties_page_features_list\">\n\t\t\t\t\t\t\t<\/div><\/div>\n\t<\/div>\n<\/div>\n<\/div><div class=\"slider-slide swiper-slide\"><div class=\"sc_properties_item with_image with_content\">\n\t<div class=\"post_featured with_thumb hover_ sc_properties_item_thumb\"><img loading=\"lazy\" decoding=\"async\" width=\"407\" height=\"275\" src=\"https:\/\/www.campingpalazzina.ch\/wp-content\/uploads\/2023\/02\/F78I4113-407x275.gif\" class=\"attachment-the_mounty-thumb-med size-the_mounty-thumb-med wp-post-image\" alt=\"\" \/><a href=\"https:\/\/www.campingpalazzina.ch\/index.php\/properties\/tent\/\" aria-hidden=\"true\" class=\"icons\"><\/a><div class=\"sc_properties_image_info\"><div class=\"sc_properties_item_price\"><span class=\"properties_price\"><span class=\"properties_price_label properties_price_before\">CHF<\/span><span class=\"properties_price_data properties_price1\">5<\/span><span class=\"properties_price_label properties_price_after\">per giorno \/ taglich \/ per day<\/span><\/span><\/div><div class=\"sc_properties_item_labels\"><\/div><\/div><\/div><div class=\"sc_properties_item_info\">\n\t\t<div class=\"sc_properties_item_header\"><h5 class=\"sc_properties_item_title\"><a href=\"https:\/\/www.campingpalazzina.ch\/index.php\/properties\/tent\/\">Piccola Tenda \/ Kleines Zelt<\/a><\/h5><p>Piazzola per piccola tenda<\/p>\n<div class=\"sc_properties_item_status\"><\/div><div class=\"sc_properties_item_type\"><\/div><span class=\"sc_properties_item_compare trx_addons_icon-balance-scale\" \n\t\t\t\t\tdata-property-id=\"783\" \n\t\t\t\t\ttitle=\"Add to compare list\"><\/span>\n\t\t<\/div>\n\t\t<div class=\"sc_properties_item_options\">\n\t\t\t<div class=\"sc_properties_item_row sc_properties_item_row_info\"><\/div>\n\t\t\t<div class=\"sc_properties_item_row sc_properties_item_row_info\"><\/div>\n\t\t\t<div class=\"sc_properties_item_row sc_properties_item_row_address\"><span class=\"sc_properties_item_option sc_properties_item_address\" title=\"Address\">\n\t\t\t\t\t<span class=\"sc_properties_item_option_label\">\n\t\t\t\t\t\t<span class=\"sc_properties_item_option_label_icon trx_addons_icon-home\"><\/span>\n\t\t\t\t\t\t<span class=\"sc_properties_item_option_label_text\">Address:<\/span>\n\t\t\t\t\t<\/span>\n\t\t\t\t\t<span class=\"sc_properties_item_option_data\"><span class=\"properties_address\"><span class=\"properties_address_item\">Via Palazzina 6805 Mezzovico<\/span><span class=\"properties_address_item\"><a href=\"https:\/\/www.campingpalazzina.ch\/index.php\/properties_city\/mezzovico\/\" title=\"Show all properties from Mezzovico\">Mezzovico<\/a><\/span><\/span><\/span>\n\t\t\t\t<\/span><\/div>\n\t\t\t<div class=\"sc_properties_item_row sc_properties_item_row_meta\"><span class=\"sc_properties_item_option sc_properties_item_date\" title=\"Publish date\">\n\t\t\t\t\t<span class=\"sc_properties_item_option_label\">\n\t\t\t\t\t\t<span class=\"sc_properties_item_option_label_icon trx_addons_icon-calendar\"><\/span>\n\t\t\t\t\t\t<span class=\"sc_properties_item_option_label_text\">Added:<\/span>\n\t\t\t\t\t<\/span>\n\t\t\t\t\t<span class=\"sc_properties_item_option_data\">05.06.18<\/span>\n\t\t\t\t<\/span><\/div>            <div class=\"properties_page_features_list\">\n\t\t\t\t\t\t\t<\/div><\/div>\n\t<\/div>\n<\/div>\n<\/div><div class=\"slider-slide swiper-slide\"><div class=\"sc_properties_item with_image with_content\">\n\t<div class=\"post_featured with_thumb hover_ sc_properties_item_thumb\"><img loading=\"lazy\" decoding=\"async\" width=\"407\" height=\"275\" src=\"https:\/\/www.campingpalazzina.ch\/wp-content\/uploads\/2023\/02\/DSC_1757-407x275.gif\" class=\"attachment-the_mounty-thumb-med size-the_mounty-thumb-med wp-post-image\" alt=\"\" \/><a href=\"https:\/\/www.campingpalazzina.ch\/index.php\/properties\/piazzola-vw-california\/\" aria-hidden=\"true\" class=\"icons\"><\/a><div class=\"sc_properties_image_info\"><div class=\"sc_properties_item_price\"><span class=\"properties_price\"><span class=\"properties_price_label properties_price_before\">CHF<\/span><span class=\"properties_price_data properties_price1\">10<\/span><span class=\"properties_price_label properties_price_after\">al giorno \/ Taglich \/ day<\/span><\/span><\/div><div class=\"sc_properties_item_labels\"><\/div><\/div><\/div><div class=\"sc_properties_item_info\">\n\t\t<div class=\"sc_properties_item_header\"><h5 class=\"sc_properties_item_title\"><a href=\"https:\/\/www.campingpalazzina.ch\/index.php\/properties\/piazzola-vw-california\/\">Piazzola per VW California<\/a><\/h5><p>Piazzola per VW California<\/p>\n<div class=\"sc_properties_item_status\"><\/div><div class=\"sc_properties_item_type\"><\/div><span class=\"sc_properties_item_compare trx_addons_icon-balance-scale\" \n\t\t\t\t\tdata-property-id=\"787\" \n\t\t\t\t\ttitle=\"Add to compare list\"><\/span>\n\t\t<\/div>\n\t\t<div class=\"sc_properties_item_options\">\n\t\t\t<div class=\"sc_properties_item_row sc_properties_item_row_info\"><\/div>\n\t\t\t<div class=\"sc_properties_item_row sc_properties_item_row_info\"><\/div>\n\t\t\t<div class=\"sc_properties_item_row sc_properties_item_row_address\"><span class=\"sc_properties_item_option sc_properties_item_address\" title=\"Address\">\n\t\t\t\t\t<span class=\"sc_properties_item_option_label\">\n\t\t\t\t\t\t<span class=\"sc_properties_item_option_label_icon trx_addons_icon-home\"><\/span>\n\t\t\t\t\t\t<span class=\"sc_properties_item_option_label_text\">Address:<\/span>\n\t\t\t\t\t<\/span>\n\t\t\t\t\t<span class=\"sc_properties_item_option_data\"><span class=\"properties_address\"><span class=\"properties_address_item\">Via Palazzina<\/span><span class=\"properties_address_item\"><a href=\"https:\/\/www.campingpalazzina.ch\/index.php\/properties_city\/mezzovico-mezzovico\/\" title=\"Show all properties from Mezzovico\">Mezzovico<\/a><\/span><\/span><\/span>\n\t\t\t\t<\/span><\/div>\n\t\t\t<div class=\"sc_properties_item_row sc_properties_item_row_meta\"><span class=\"sc_properties_item_option sc_properties_item_date\" title=\"Publish date\">\n\t\t\t\t\t<span class=\"sc_properties_item_option_label\">\n\t\t\t\t\t\t<span class=\"sc_properties_item_option_label_icon trx_addons_icon-calendar\"><\/span>\n\t\t\t\t\t\t<span class=\"sc_properties_item_option_label_text\">Added:<\/span>\n\t\t\t\t\t<\/span>\n\t\t\t\t\t<span class=\"sc_properties_item_option_data\">05.06.18<\/span>\n\t\t\t\t<\/span><\/div>            <div class=\"properties_page_features_list\">\n\t\t\t\t\t\t\t<\/div><\/div>\n\t<\/div>\n<\/div>\n<\/div><div class=\"slider-slide swiper-slide\"><div class=\"sc_properties_item with_image with_content\">\n\t<div class=\"post_featured with_thumb hover_ sc_properties_item_thumb\"><img loading=\"lazy\" decoding=\"async\" width=\"407\" height=\"275\" src=\"https:\/\/www.campingpalazzina.ch\/wp-content\/uploads\/2018\/06\/f22f86f0-35e4-4305-95ab-b8e0107020c2-407x275.jpg\" class=\"attachment-the_mounty-thumb-med size-the_mounty-thumb-med wp-post-image\" alt=\"\" \/><a href=\"https:\/\/www.campingpalazzina.ch\/index.php\/properties\/deluxe-cottage\/\" aria-hidden=\"true\" class=\"icons\"><\/a><div class=\"sc_properties_image_info\"><div class=\"sc_properties_item_price\"><span class=\"properties_price\"><span class=\"properties_price_label properties_price_before\">CHF<\/span><span class=\"properties_price_data properties_price1\">10<\/span><span class=\"properties_price_label properties_price_after\">per giorno \/ Taglich \/ For day<\/span><\/span><\/div><div class=\"sc_properties_item_labels\"><\/div><\/div><\/div><div class=\"sc_properties_item_info\">\n\t\t<div class=\"sc_properties_item_header\"><h5 class=\"sc_properties_item_title\"><a href=\"https:\/\/www.campingpalazzina.ch\/index.php\/properties\/deluxe-cottage\/\">Piazzola Camper \/ Camper Grundst\u00fccke<\/a><\/h5><p>Piazzola per camper<\/p>\n<div class=\"sc_properties_item_status\"><\/div><div class=\"sc_properties_item_type\"><\/div><span class=\"sc_properties_item_compare trx_addons_icon-balance-scale\" \n\t\t\t\t\tdata-property-id=\"788\" \n\t\t\t\t\ttitle=\"Add to compare list\"><\/span>\n\t\t<\/div>\n\t\t<div class=\"sc_properties_item_options\">\n\t\t\t<div class=\"sc_properties_item_row sc_properties_item_row_info\"><\/div>\n\t\t\t<div class=\"sc_properties_item_row sc_properties_item_row_info\"><\/div>\n\t\t\t<div class=\"sc_properties_item_row sc_properties_item_row_address\"><span class=\"sc_properties_item_option sc_properties_item_address\" title=\"Address\">\n\t\t\t\t\t<span class=\"sc_properties_item_option_label\">\n\t\t\t\t\t\t<span class=\"sc_properties_item_option_label_icon trx_addons_icon-home\"><\/span>\n\t\t\t\t\t\t<span class=\"sc_properties_item_option_label_text\">Address:<\/span>\n\t\t\t\t\t<\/span>\n\t\t\t\t\t<span class=\"sc_properties_item_option_data\"><span class=\"properties_address\"><span class=\"properties_address_item\">6805, Via la Palazzina<\/span><span class=\"properties_address_item\"><a href=\"https:\/\/www.campingpalazzina.ch\/index.php\/properties_city\/mezzovico\/\" title=\"Show all properties from Mezzovico\">Mezzovico<\/a><\/span><\/span><\/span>\n\t\t\t\t<\/span><\/div>\n\t\t\t<div class=\"sc_properties_item_row sc_properties_item_row_meta\"><span class=\"sc_properties_item_option sc_properties_item_date\" title=\"Publish date\">\n\t\t\t\t\t<span class=\"sc_properties_item_option_label\">\n\t\t\t\t\t\t<span class=\"sc_properties_item_option_label_icon trx_addons_icon-calendar\"><\/span>\n\t\t\t\t\t\t<span class=\"sc_properties_item_option_label_text\">Added:<\/span>\n\t\t\t\t\t<\/span>\n\t\t\t\t\t<span class=\"sc_properties_item_option_data\">05.06.18<\/span>\n\t\t\t\t<\/span><\/div>            <div class=\"properties_page_features_list\">\n\t\t\t\t\t\t\t<\/div><\/div>\n\t<\/div>\n<\/div>\n<\/div><div class=\"slider-slide swiper-slide\"><div class=\"sc_properties_item with_image with_content\">\n\t<div class=\"post_featured with_thumb hover_ sc_properties_item_thumb\"><img loading=\"lazy\" decoding=\"async\" width=\"407\" height=\"275\" src=\"https:\/\/www.campingpalazzina.ch\/wp-content\/uploads\/2023\/02\/F78I4046-407x275.gif\" class=\"attachment-the_mounty-thumb-med size-the_mounty-thumb-med wp-post-image\" alt=\"\" \/><a href=\"https:\/\/www.campingpalazzina.ch\/index.php\/properties\/piazzola-per-tenda-grande-grosses-zell\/\" aria-hidden=\"true\" class=\"icons\"><\/a><div class=\"sc_properties_image_info\"><div class=\"sc_properties_item_price\"><span class=\"properties_price\"><span class=\"properties_price_label properties_price_before\">CHF<\/span><span class=\"properties_price_data properties_price1\">10<\/span><span class=\"properties_price_label properties_price_after\">per giorno \/ taglich \/ per day<\/span><\/span><\/div><div class=\"sc_properties_item_labels\"><\/div><\/div><\/div><div class=\"sc_properties_item_info\">\n\t\t<div class=\"sc_properties_item_header\"><h5 class=\"sc_properties_item_title\"><a href=\"https:\/\/www.campingpalazzina.ch\/index.php\/properties\/piazzola-per-tenda-grande-grosses-zell\/\">Piazzola per Tenda Grande \/ Grosses Zell<\/a><\/h5><p>Piazzola per piccola tenda<\/p>\n<div class=\"sc_properties_item_status\"><\/div><div class=\"sc_properties_item_type\"><\/div><span class=\"sc_properties_item_compare trx_addons_icon-balance-scale\" \n\t\t\t\t\tdata-property-id=\"1837\" \n\t\t\t\t\ttitle=\"Add to compare list\"><\/span>\n\t\t<\/div>\n\t\t<div class=\"sc_properties_item_options\">\n\t\t\t<div class=\"sc_properties_item_row sc_properties_item_row_info\"><\/div>\n\t\t\t<div class=\"sc_properties_item_row sc_properties_item_row_info\"><\/div>\n\t\t\t<div class=\"sc_properties_item_row sc_properties_item_row_address\"><span class=\"sc_properties_item_option sc_properties_item_address\" title=\"Address\">\n\t\t\t\t\t<span class=\"sc_properties_item_option_label\">\n\t\t\t\t\t\t<span class=\"sc_properties_item_option_label_icon trx_addons_icon-home\"><\/span>\n\t\t\t\t\t\t<span class=\"sc_properties_item_option_label_text\">Address:<\/span>\n\t\t\t\t\t<\/span>\n\t\t\t\t\t<span class=\"sc_properties_item_option_data\"><span class=\"properties_address\"><span class=\"properties_address_item\">Via Palazzina 6805 Mezzovico<\/span><span class=\"properties_address_item\"><a href=\"https:\/\/www.campingpalazzina.ch\/index.php\/properties_city\/mezzovico\/\" title=\"Show all properties from Mezzovico\">Mezzovico<\/a><\/span><\/span><\/span>\n\t\t\t\t<\/span><\/div>\n\t\t\t<div class=\"sc_properties_item_row sc_properties_item_row_meta\"><span class=\"sc_properties_item_option sc_properties_item_date\" title=\"Publish date\">\n\t\t\t\t\t<span class=\"sc_properties_item_option_label\">\n\t\t\t\t\t\t<span class=\"sc_properties_item_option_label_icon trx_addons_icon-calendar\"><\/span>\n\t\t\t\t\t\t<span class=\"sc_properties_item_option_label_text\">Added:<\/span>\n\t\t\t\t\t<\/span>\n\t\t\t\t\t<span class=\"sc_properties_item_option_data\">09.02.23<\/span>\n\t\t\t\t<\/span><\/div>            <div class=\"properties_page_features_list\">\n\t\t\t\t\t\t\t<\/div><\/div>\n\t<\/div>\n<\/div>\n<\/div><\/div><div class=\"slider_controls_wrap\"><a class=\"slider_prev swiper-button-prev\" href=\"#\"><\/a><a class=\"slider_next swiper-button-next\" href=\"#\"><\/a><\/div><\/div><\/div><div class=\"sc_item_button sc_button_wrap sc_align_center\"><a href=\"https:\/\/www.campingpalazzina.ch\/index.php\/book-a-place\/\" id=\"sc_button_635991978\" class=\"sc_button color_style_default sc_button_default sc_item_button sc_item_button_default sc_properties_button sc_button_size_normal sc_button_icon_left\"><span class=\"sc_button_text\"><span class=\"sc_button_title\">Listino Prezzi<\/span><\/span><!-- \/.sc_button_text --><\/a><!-- \/.sc_button --><\/div><!-- \/.sc_item_button --><\/div><!-- \/.sc_properties -->[vc_empty_space height=&#8221;5.8vw&#8221; alter_height=&#8221;none&#8221; hide_on_desktop=&#8221;&#8221; hide_on_notebook=&#8221;&#8221; hide_on_tablet=&#8221;&#8221; hide_on_mobile=&#8221;&#8221;][\/vc_column][\/vc_row][vc_row full_width=&#8221;stretch_row&#8221; hide_bg_image_on_tablet=&#8221;&#8221; hide_bg_image_on_mobile=&#8221;&#8221; css=&#8221;.vc_custom_1527241160033{padding-bottom: 1.3vw !important;background-color: #efeeea !important;}&#8221;][vc_column icons_position=&#8221;left&#8221;][vc_empty_space height=&#8221;5.8vw&#8221; alter_height=&#8221;none&#8221; hide_on_desktop=&#8221;&#8221; hide_on_notebook=&#8221;&#8221; hide_on_tablet=&#8221;&#8221; hide_on_mobile=&#8221;&#8221;]<div id=\"sc_title_1432628169\"\n\t\tclass=\"sc_title color_style_default sc_title_default  vc_custom_1675888971136\"><h2 class=\"sc_item_title sc_title_title sc_align_center sc_item_title_style_default\">Prenota il tuo soggiorno!<\/h2><h6 class=\"sc_item_subtitle sc_title_subtitle sc_align_center sc_item_title_style_default\">im Gr\u00fcnen der Natur \/ Book your stay<\/h6><\/div><!-- \/.sc_title -->\n<div class=\"wpcf7 no-js\" id=\"wpcf7-f662-o1\" lang=\"en-US\" dir=\"ltr\" data-wpcf7-id=\"662\">\n<div class=\"screen-reader-response\"><p role=\"status\" aria-live=\"polite\" aria-atomic=\"true\"><\/p> <ul><\/ul><\/div>\n<form action=\"\/index.php\/wp-json\/wp\/v2\/pages\/511#wpcf7-f662-o1\" method=\"post\" class=\"wpcf7-form init\" aria-label=\"Contact form\" novalidate=\"novalidate\" data-status=\"init\">\n<fieldset class=\"hidden-fields-container\"><input type=\"hidden\" name=\"_wpcf7\" value=\"662\" \/><input type=\"hidden\" name=\"_wpcf7_version\" value=\"6.1.5\" \/><input type=\"hidden\" name=\"_wpcf7_locale\" value=\"en_US\" \/><input type=\"hidden\" name=\"_wpcf7_unit_tag\" value=\"wpcf7-f662-o1\" \/><input type=\"hidden\" name=\"_wpcf7_container_post\" value=\"0\" \/><input type=\"hidden\" name=\"_wpcf7_posted_data_hash\" value=\"\" \/>\n<\/fieldset>\n<div class=\"cf_columns light\">\n\t<div class=\"cf_column-1_4\">\n\t\t<p><label> Cognome e Nome*<br \/>\n<span class=\"wpcf7-form-control-wrap\" data-name=\"your-name\"><input size=\"40\" maxlength=\"400\" class=\"wpcf7-form-control wpcf7-text wpcf7-validates-as-required\" aria-required=\"true\" aria-invalid=\"false\" placeholder=\"Cognome e Nome\" value=\"\" type=\"text\" name=\"your-name\" \/><\/span> <\/label>\n\t\t<\/p>\n\t<\/div>\n\t<div class=\"cf_column-1_4\">\n\t\t<p><label> indirizzo email*<br \/>\n<span class=\"wpcf7-form-control-wrap\" data-name=\"your-email\"><input size=\"40\" maxlength=\"400\" class=\"wpcf7-form-control wpcf7-email wpcf7-validates-as-required wpcf7-text wpcf7-validates-as-email\" aria-required=\"true\" aria-invalid=\"false\" placeholder=\"tuo indirizzo mail\" value=\"\" type=\"email\" name=\"your-email\" \/><\/span> <\/label>\n\t\t<\/p>\n\t<\/div>\n\t<div class=\"cf_column-1_4\">\n\t\t<p><label> contatto telefonico<br \/>\n<span class=\"wpcf7-form-control-wrap\" data-name=\"phone-number\"><input size=\"40\" maxlength=\"400\" class=\"wpcf7-form-control wpcf7-text\" aria-invalid=\"false\" placeholder=\"+41 22 999 99 99\" value=\"\" type=\"text\" name=\"phone-number\" \/><\/span> <\/label>\n\t\t<\/p>\n\t<\/div>\n\t<div class=\"cf_column-1_4\">\n\t\t<p><label> Tipo di riservazione<br \/>\n<span class=\"wpcf7-form-control-wrap\" data-name=\"reservation-type\"><select class=\"wpcf7-form-control wpcf7-select\" aria-invalid=\"false\" name=\"reservation-type\"><option value=\"Camper\">Camper<\/option><option value=\"Roulotte\">Roulotte<\/option><option value=\"Tenda\">Tenda<\/option><\/select><\/span> <\/label>\n\t\t<\/p>\n\t<\/div>\n<\/div>\n<div class=\"cf_columns light\">\n\t<div class=\"cf_column-1_8\">\n\t\t<p><label> Arrivo il<br \/>\n<span class=\"wpcf7-form-control-wrap\" data-name=\"check-in\"><input size=\"40\" maxlength=\"400\" class=\"wpcf7-form-control wpcf7-text datefield\" aria-invalid=\"false\" placeholder=\"Select\" value=\"\" type=\"text\" name=\"check-in\" \/><\/span> <\/label>\n\t\t<\/p>\n\t<\/div>\n\t<div class=\"cf_column-1_8\">\n\t\t<p><label> Partenza il<br \/>\n<span class=\"wpcf7-form-control-wrap\" data-name=\"check-out\"><input size=\"40\" maxlength=\"400\" class=\"wpcf7-form-control wpcf7-text datefield\" aria-invalid=\"false\" placeholder=\"Select\" value=\"\" type=\"text\" name=\"check-out\" \/><\/span> <\/label>\n\t\t<\/p>\n\t<\/div>\n\t<div class=\"cf_column-1_4\">\n\t\t<p><label> Numero di adulti<br \/>\n<span class=\"wpcf7-form-control-wrap\" data-name=\"number-adults\"><input size=\"40\" maxlength=\"400\" class=\"wpcf7-form-control wpcf7-text\" aria-invalid=\"false\" placeholder=\"0\" value=\"\" type=\"text\" name=\"number-adults\" \/><\/span> <\/label>\n\t\t<\/p>\n\t<\/div>\n\t<div class=\"cf_column-1_4\">\n\t\t<p><label> Numero di bambini<br \/>\n<span class=\"wpcf7-form-control-wrap\" data-name=\"number-children\"><input size=\"40\" maxlength=\"400\" class=\"wpcf7-form-control wpcf7-text\" aria-invalid=\"false\" placeholder=\"0\" value=\"\" type=\"text\" name=\"number-children\" \/><\/span> <\/label>\n\t\t<\/p>\n\t<\/div>\n\t<div class=\"cf_column-1_4\">\n\t\t<div class=\"empty\">\n\t\t<\/div>\n\t\t<p><input class=\"wpcf7-form-control wpcf7-submit has-spinner\" type=\"submit\" value=\"Prenota soggiorno ORA\" \/>\n\t\t<\/p>\n\t<\/div>\n<\/div><div class=\"wpcf7-response-output\" aria-hidden=\"true\"><\/div>\n<\/form>\n<\/div>\n[\/vc_column][\/vc_row][vc_row][vc_column icons_position=&#8221;left&#8221;][vc_empty_space height=&#8221;5.8vw&#8221; alter_height=&#8221;none&#8221; hide_on_desktop=&#8221;&#8221; hide_on_notebook=&#8221;&#8221; hide_on_tablet=&#8221;&#8221; hide_on_mobile=&#8221;&#8221;][vc_row_inner][vc_column_inner width=&#8221;1\/12&#8243; icons_position=&#8221;left&#8221;][\/vc_column_inner][vc_column_inner width=&#8221;5\/6&#8243; icons_position=&#8221;left&#8221;]<div id=\"sc_title_789813572\"\n\t\tclass=\"sc_title color_style_default sc_title_default  vc_custom_1675173503538\"><h2 class=\"sc_item_title sc_title_title sc_align_center sc_item_title_style_default\">I nostri servizi<\/h2><h6 class=\"sc_item_subtitle sc_title_subtitle sc_align_center sc_item_title_style_default\">Unser Angebot \/ Our Services<\/h6><\/div><!-- \/.sc_title -->[vc_single_image image=&#8221;1630&#8243; img_size=&#8221;1057&#215;414&#8243; alignment=&#8221;center&#8221;]<div id=\"sc_icons_1924345313\" \n\tclass=\"sc_icons sc_icons_default sc_icons_size_medium sc_align_center  vc_custom_1676016847092\"><div class=\"sc_icons_columns_wrap sc_item_columns trx_addons_columns_wrap columns_padding_bottom\"><div class=\"trx_addons_column-1_6\"><div class=\"sc_icons_item\"><div id=\"sc_icons_1924345313_icon-022_bath\" class=\"sc_icons_icon sc_icon_type_ icon-022_bath\"\n\t\t\t\t\t\t style=\"color: #f2682a\"\t\t\t\t\t\t><span class=\"sc_icon_type_ icon-022_bath\" style=\"color: #f2682a\"><\/span><\/div><h4 class=\"sc_icons_item_title\"><span>Docce \/  Duches \/ Showers<\/span><\/h4><\/div><\/div><div class=\"trx_addons_column-1_6\"><div class=\"sc_icons_item\"><div id=\"sc_icons_1924345313_icon-avatar\" class=\"sc_icons_icon sc_icon_type_ icon-avatar\"\n\t\t\t\t\t\t style=\"color: #f2682a\"\t\t\t\t\t\t><span class=\"sc_icon_type_ icon-avatar\" style=\"color: #f2682a\"><\/span><\/div><h4 class=\"sc_icons_item_title\"><span>Bagni \/ WC<\/span><\/h4><\/div><\/div><div class=\"trx_addons_column-1_6\"><div class=\"sc_icons_item\"><div id=\"sc_icons_1924345313_icon-026_food\" class=\"sc_icons_icon sc_icon_type_ icon-026_food\"\n\t\t\t\t\t\t style=\"color: #f2682a\"\t\t\t\t\t\t><span class=\"sc_icon_type_ icon-026_food\" style=\"color: #f2682a\"><\/span><\/div><h4 class=\"sc_icons_item_title\"><span>Ristorante \/ REstaurant <\/span><\/h4><\/div><\/div><div class=\"trx_addons_column-1_6\"><div class=\"sc_icons_item\"><div id=\"sc_icons_1924345313_icon-027_freewifi\" class=\"sc_icons_icon sc_icon_type_ icon-027_freewifi\"\n\t\t\t\t\t\t style=\"color: #f2682a\"\t\t\t\t\t\t><span class=\"sc_icon_type_ icon-027_freewifi\" style=\"color: #f2682a\"><\/span><\/div><h4 class=\"sc_icons_item_title\"><span>Free Wi-Fi<\/span><\/h4><\/div><\/div><div class=\"trx_addons_column-1_6\"><div class=\"sc_icons_item\"><div id=\"sc_icons_1924345313_icon-child\" class=\"sc_icons_icon sc_icon_type_ icon-child\"\n\t\t\t\t\t\t style=\"color: #f2682a\"\t\t\t\t\t\t><span class=\"sc_icon_type_ icon-child\" style=\"color: #f2682a\"><\/span><\/div><h4 class=\"sc_icons_item_title\"><span>Camminate \/ Walking<\/span><\/h4><\/div><\/div><div class=\"trx_addons_column-1_6\"><div class=\"sc_icons_item\"><div id=\"sc_icons_1924345313_icon-028_pets\" class=\"sc_icons_icon sc_icon_type_ icon-028_pets\"\n\t\t\t\t\t\t style=\"color: #f2682a\"\t\t\t\t\t\t><span class=\"sc_icon_type_ icon-028_pets\" style=\"color: #f2682a\"><\/span><\/div><h4 class=\"sc_icons_item_title\"><span>Pets Friendly<\/span><\/h4><\/div><\/div><\/div><\/div><!-- \/.sc_icons -->[\/vc_column_inner][vc_column_inner width=&#8221;1\/12&#8243; icons_position=&#8221;left&#8221;][\/vc_column_inner][\/vc_row_inner][vc_row_inner el_id=&#8221;Servizi&#8221;][vc_column_inner width=&#8221;1\/12&#8243; icons_position=&#8221;left&#8221;][\/vc_column_inner][vc_column_inner width=&#8221;1\/12&#8243; icons_position=&#8221;left&#8221;][\/vc_column_inner][vc_column_inner icons_position=&#8221;left&#8221;][\/vc_column_inner][\/vc_row_inner][\/vc_column][\/vc_row][vc_row full_width=&#8221;stretch_row&#8221; hide_bg_image_on_tablet=&#8221;&#8221; hide_bg_image_on_mobile=&#8221;&#8221; css=&#8221;.vc_custom_1528813165584{margin-bottom: -1px !important;background-image: url(https:\/\/www.campingpalazzina.ch\/wp-content\/uploads\/2018\/04\/bg-footer.png?id=558) !important;background-position: top center !important;background-repeat: no-repeat !important;}&#8221;][vc_column hide_bg_image_on_tablet=&#8221;&#8221; hide_bg_image_on_mobile=&#8221;&#8221; icons_position=&#8221;left&#8221; css=&#8221;.vc_custom_1524663957365{background-size: cover !important;}&#8221;][vc_empty_space height=&#8221;7.5vw&#8221; alter_height=&#8221;none&#8221; hide_on_desktop=&#8221;&#8221; hide_on_notebook=&#8221;&#8221; hide_on_tablet=&#8221;&#8221; hide_on_mobile=&#8221;&#8221;][\/vc_column][\/vc_row][vc_row full_width=&#8221;stretch_row_content_no_spaces&#8221; hide_bg_image_on_tablet=&#8221;&#8221; hide_bg_image_on_mobile=&#8221;&#8221; css=&#8221;.vc_custom_1526732434775{background-color: #efeeea !important;}&#8221;][vc_column icons_position=&#8221;left&#8221;]<div  id=\"sc_testimonials_1440436733\"\t\tclass=\"sc_testimonials color_style_default sc_testimonials_default\"><h2 class=\"sc_item_title sc_testimonials_title sc_align_center sc_item_title_style_default\">Cosa dicono i nostri gentili ospiti<\/h2><h6 class=\"sc_item_subtitle sc_testimonials_subtitle sc_align_center sc_item_title_style_default\">What clients say<\/h6><div class=\"sc_testimonials_columns_wrap sc_item_columns trx_addons_columns_wrap columns_padding_bottom\"><div class=\"trx_addons_column-1_3\"><div class=\"sc_testimonials_item\">\n        <div class=\"sc_testimonials_item_content\"><p>Seit \u00fcber 2 Jahren verbringe ich mit meiner Freundin Katia unbeschwerte und gem\u00fctliche Tage auf dem Camping Palazzina.<\/p>\n<\/div>\n    <div class=\"sc_testimonials_item_author_data\">\n        <h4 class=\"sc_testimonials_item_author_title\">Mal\u00f9<\/h4>\n                    <div class=\"sc_testimonials_item_author_subtitle\">28 y.o.<\/div>\n            \n    <\/div>\n<\/div>\n<\/div><div class=\"trx_addons_column-1_3\"><div class=\"sc_testimonials_item\">\n        <div class=\"sc_testimonials_item_content\"><p>Es ist jedes Jahr ein Vergn\u00fcgen, zum Camping Palazzina in Mezzovico zur\u00fcckzukehren. Es ist leicht zu erreichen und liegt in der N\u00e4he der Autobahn, des Bahnhofs und vieler touristischer Attraktionen des Tessins.<\/p>\n<\/div>\n    <div class=\"sc_testimonials_item_author_data\">\n        <h4 class=\"sc_testimonials_item_author_title\">Prisca<\/h4>\n                    <div class=\"sc_testimonials_item_author_subtitle\">25 y.o.<\/div>\n            \n    <\/div>\n<\/div>\n<\/div><div class=\"trx_addons_column-1_3\"><div class=\"sc_testimonials_item\">\n        <div class=\"sc_testimonials_item_content\"><p>Staff always friendly and helpful. Convenient in its location, having the restaurant inside is definitely appreciable. Thanks<\/p>\n<\/div>\n    <div class=\"sc_testimonials_item_author_data\">\n        <h4 class=\"sc_testimonials_item_author_title\">Patrick<\/h4>\n                    <div class=\"sc_testimonials_item_author_subtitle\">32 y.o.<\/div>\n            \n    <\/div>\n<\/div>\n<\/div><\/div><\/div><!-- \/.sc_testimonials -->[vc_empty_space height=&#8221;5.2vw&#8221; alter_height=&#8221;none&#8221; hide_on_desktop=&#8221;&#8221; hide_on_notebook=&#8221;&#8221; hide_on_tablet=&#8221;&#8221; hide_on_mobile=&#8221;&#8221;][\/vc_column][\/vc_row][vc_row][vc_column icons_position=&#8221;left&#8221;][vc_empty_space height=&#8221;5.8vw&#8221; alter_height=&#8221;none&#8221; hide_on_desktop=&#8221;&#8221; hide_on_notebook=&#8221;&#8221; hide_on_tablet=&#8221;&#8221; hide_on_mobile=&#8221;&#8221;]<div  id=\"sc_blogger_250797246\"\t\tclass=\"sc_blogger color_style_default sc_blogger_default transparent\"><h2 class=\"sc_item_title sc_blogger_title sc_align_center sc_item_title_style_default\">Eventi e novit\u00e0 in Ticino<\/h2><h6 class=\"sc_item_subtitle sc_blogger_subtitle sc_align_center sc_item_title_style_default\">News and Events in Ticino<\/h6><div class=\"sc_blogger_columns_wrap sc_item_columns sc_item_posts_container trx_addons_columns_wrap columns_padding_bottom\"><div class=\"trx_addons_column-1_2\"><div class=\"sc_blogger_item post_format_standard post-1958 tribe_events type-tribe_events status-publish has-post-thumbnail hentry tribe_events_cat-mtb tribe_events_cat-sport tribe_events_cat-trail cat_mtb cat_sport cat_trail\">        <div class=\"post_featured_wrap\">            <div class=\"post_featured_date\">\n                <div class=\"post_featured_date_d\">07<\/div>\n                <div class=\"post_featured_date_m\">Feb<\/div>\n            <\/div>\n        <div class=\"post_featured with_thumb hover_icon sc_blogger_item_featured\"><img loading=\"lazy\" decoding=\"async\" width=\"765\" height=\"428\" src=\"https:\/\/www.campingpalazzina.ch\/wp-content\/uploads\/2024\/02\/lr-152542-03-copy-velo-club-monte-tamaro-mat-e-debi-photography-765x428.jpg\" class=\"attachment-the_mounty-thumb-big size-the_mounty-thumb-big wp-post-image\" alt=\"\" srcset=\"https:\/\/www.campingpalazzina.ch\/wp-content\/uploads\/2024\/02\/lr-152542-03-copy-velo-club-monte-tamaro-mat-e-debi-photography-765x428.jpg 765w, https:\/\/www.campingpalazzina.ch\/wp-content\/uploads\/2024\/02\/lr-152542-03-copy-velo-club-monte-tamaro-mat-e-debi-photography-270x152.jpg 270w\" sizes=\"auto, (max-width: 765px) 100vw, 765px\" \/><div class=\"mask\"><\/div><div class=\"icons\"><a href=\"https:\/\/www.campingpalazzina.ch\/index.php\/event\/tamaro-trophy-2025-skoda-swiss-bike-cup\/\" aria-hidden=\"true\" class=\"icon-015_link\"><\/a><\/div><\/div><\/div><div class=\"sc_blogger_item_content entry-content\"><div class=\"sc_blogger_item_header entry-header\"><div class=\"post_meta\">\t\t\t\t\t\t<a class=\"post_meta_item post_author\" rel=\"author\" href=\"https:\/\/www.campingpalazzina.ch\/index.php\/author\/katiluc\/\">\n\t\t\t\t\t\t\tKatia Scoglio\t\t\t\t\t\t<\/a>\n\t\t\t\t\t\t<\/div><!-- .post_meta --><h4 class=\"sc_blogger_item_title entry-title\"><a href=\"https:\/\/www.campingpalazzina.ch\/index.php\/event\/tamaro-trophy-2025-skoda-swiss-bike-cup\/\" rel=\"bookmark\">Campionati Europei UEC-MTB 2026<\/a><\/h4><\/div><!-- .entry-header --><div class=\"sc_blogger_item_excerpt\">\n\t\t\t\t<div class=\"sc_blogger_item_excerpt_text\">\n\t\t\t\t\t<p>Un\u2019estate 2026 che promette emozioni con i Campionati Europei di MTB che tornano sul Monte Ceneri il weekend della Festa Nazionale, dal 30 luglio al 2 agosto. Il Canton Ticino e la Svizzera si preparano a ospitare per la seconda volta in pochi anni uno degli appuntamenti pi\u00f9 prestigiosi del calendario della MTB. Nell\u2019ultima settimana di luglio, il Monte Ceneri&hellip;<\/p>\n\t\t\t\t<\/div>\n\t\t\t\t<div class=\"sc_blogger_item_button sc_item_button\"><a href=\"https:\/\/www.campingpalazzina.ch\/index.php\/event\/tamaro-trophy-2025-skoda-swiss-bike-cup\/\" class=\"sc_button sc_button_size_medium\">Read more<\/a><\/div><\/div><!-- .sc_blogger_item_excerpt --><\/div><!-- .entry-content --><\/div><!-- .sc_blogger_item --><\/div><div class=\"trx_addons_column-1_2\"><div class=\"sc_blogger_item post_format_standard post-1978 tribe_events type-tribe_events status-publish has-post-thumbnail hentry tribe_events_cat-festival cat_festival\">        <div class=\"post_featured_wrap\">            <div class=\"post_featured_date\">\n                <div class=\"post_featured_date_d\">01<\/div>\n                <div class=\"post_featured_date_m\">Mar<\/div>\n            <\/div>\n        <div class=\"post_featured with_thumb hover_icon sc_blogger_item_featured\"><img loading=\"lazy\" decoding=\"async\" width=\"765\" height=\"428\" src=\"https:\/\/www.campingpalazzina.ch\/wp-content\/uploads\/2025\/03\/AB-6321-960x667-1-765x428.webp\" class=\"attachment-the_mounty-thumb-big size-the_mounty-thumb-big wp-post-image\" alt=\"\" srcset=\"https:\/\/www.campingpalazzina.ch\/wp-content\/uploads\/2025\/03\/AB-6321-960x667-1-765x428.webp 765w, https:\/\/www.campingpalazzina.ch\/wp-content\/uploads\/2025\/03\/AB-6321-960x667-1-270x152.webp 270w\" sizes=\"auto, (max-width: 765px) 100vw, 765px\" \/><div class=\"mask\"><\/div><div class=\"icons\"><a href=\"https:\/\/www.campingpalazzina.ch\/index.php\/event\/festa-nazionale\/\" aria-hidden=\"true\" class=\"icon-015_link\"><\/a><\/div><\/div><\/div><div class=\"sc_blogger_item_content entry-content\"><div class=\"sc_blogger_item_header entry-header\"><div class=\"post_meta\">\t\t\t\t\t\t<a class=\"post_meta_item post_author\" rel=\"author\" href=\"https:\/\/www.campingpalazzina.ch\/index.php\/author\/katiluc\/\">\n\t\t\t\t\t\t\tKatia Scoglio\t\t\t\t\t\t<\/a>\n\t\t\t\t\t\t<\/div><!-- .post_meta --><h4 class=\"sc_blogger_item_title entry-title\"><a href=\"https:\/\/www.campingpalazzina.ch\/index.php\/event\/festa-nazionale\/\" rel=\"bookmark\">Festa Nazionale<\/a><\/h4><\/div><!-- .entry-header --><div class=\"sc_blogger_item_excerpt\">\n\t\t\t\t<div class=\"sc_blogger_item_excerpt_text\">\n\t\t\t\t\t<p>La celebrazione della Festa Nazionale \u00e8 una ricorrenza molto sentita dai luganesi e rappresenta un momento unificante e di riflessione. Dal risveglio con i tamburini, ai momenti ufficiali, fino allo spettacolo serale, tanti momenti per festeggiare insieme il natale della patria.<\/p>\n\t\t\t\t<\/div>\n\t\t\t\t<div class=\"sc_blogger_item_button sc_item_button\"><a href=\"https:\/\/www.campingpalazzina.ch\/index.php\/event\/festa-nazionale\/\" class=\"sc_button sc_button_size_medium\">Read more<\/a><\/div><\/div><!-- .sc_blogger_item_excerpt --><\/div><!-- .entry-content --><\/div><!-- .sc_blogger_item --><\/div><div class=\"trx_addons_column-1_2\"><div class=\"sc_blogger_item post_format_standard post-1981 tribe_events type-tribe_events status-publish has-post-thumbnail hentry tribe_events_cat-festival cat_festival\">        <div class=\"post_featured_wrap\">            <div class=\"post_featured_date\">\n                <div class=\"post_featured_date_d\">01<\/div>\n                <div class=\"post_featured_date_m\">Mar<\/div>\n            <\/div>\n        <div class=\"post_featured with_thumb hover_icon sc_blogger_item_featured\"><img loading=\"lazy\" decoding=\"async\" width=\"765\" height=\"417\" src=\"https:\/\/www.campingpalazzina.ch\/wp-content\/uploads\/2025\/03\/ScenicTrail-765x417.jpg\" class=\"attachment-the_mounty-thumb-big size-the_mounty-thumb-big wp-post-image\" alt=\"\" \/><div class=\"mask\"><\/div><div class=\"icons\"><a href=\"https:\/\/www.campingpalazzina.ch\/index.php\/event\/festival-corni-delle-alpi\/\" aria-hidden=\"true\" class=\"icon-015_link\"><\/a><\/div><\/div><\/div><div class=\"sc_blogger_item_content entry-content\"><div class=\"sc_blogger_item_header entry-header\"><div class=\"post_meta\">\t\t\t\t\t\t<a class=\"post_meta_item post_author\" rel=\"author\" href=\"https:\/\/www.campingpalazzina.ch\/index.php\/author\/katiluc\/\">\n\t\t\t\t\t\t\tKatia Scoglio\t\t\t\t\t\t<\/a>\n\t\t\t\t\t\t<\/div><!-- .post_meta --><h4 class=\"sc_blogger_item_title entry-title\"><a href=\"https:\/\/www.campingpalazzina.ch\/index.php\/event\/festival-corni-delle-alpi\/\" rel=\"bookmark\">Scenic Trail Capriasca<\/a><\/h4><\/div><!-- .entry-header --><div class=\"sc_blogger_item_excerpt\">\n\t\t\t\t<div class=\"sc_blogger_item_excerpt_text\">\n\t\t\t\t\t<p>La corsa ritenuta la pi\u00f9 panoramica della Svizzera https:\/\/scenictrail.ch\/<\/p>\n\t\t\t\t<\/div>\n\t\t\t\t<div class=\"sc_blogger_item_button sc_item_button\"><a href=\"https:\/\/www.campingpalazzina.ch\/index.php\/event\/festival-corni-delle-alpi\/\" class=\"sc_button sc_button_size_medium\">Read more<\/a><\/div><\/div><!-- .sc_blogger_item_excerpt --><\/div><!-- .entry-content --><\/div><!-- .sc_blogger_item --><\/div><\/div><\/div>[vc_empty_space height=&#8221;4.6vw&#8221; alter_height=&#8221;none&#8221; hide_on_desktop=&#8221;&#8221; hide_on_notebook=&#8221;&#8221; hide_on_tablet=&#8221;&#8221; hide_on_mobile=&#8221;&#8221;][\/vc_column][\/vc_row]<\/p>\n","protected":false},"excerpt":{"rendered":"<p>[vc_row hide_bg_image_on_tablet=&#8221;&#8221; hide_bg_image_on_mobile=&#8221;&#8221; shape_divider_top_front=&#8221;&#8221; shape_divider_bottom_front=&#8221;&#8221; row_delimiter=&#8221;&#8221; hide_on_desktop=&#8221;&#8221; hide_on_notebook=&#8221;&#8221; hide_on_tablet=&#8221;&#8221; hide_on_mobile=&#8221;&#8221; hide_on_frontpage=&#8221;&#8221;][vc_column icons_position=&#8221;left&#8221;][rev_slider_vc alias=&#8221;slider-3&#8243;][\/vc_column][\/vc_row][vc_row full_width=&#8221;stretch_row&#8221; hide_bg_image_on_tablet=&#8221;&#8221; hide_bg_image_on_mobile=&#8221;&#8221; css=&#8221;.vc_custom_1528813149528{margin-top: -1px !important;background-image: url(https:\/\/www.campingpalazzina.ch\/wp-content\/uploads\/2018\/05\/bg-bend.png?id=664) !important;background-position: bottom center !important;background-repeat: no-repeat !important;}&#8221;][vc_column hide_bg_image_on_tablet=&#8221;&#8221; hide_bg_image_on_mobile=&#8221;&#8221; icons_position=&#8221;left&#8221; css=&#8221;.vc_custom_1524663957365{background-size: cover !important;}&#8221;][vc_empty_space height=&#8221;7.5vw&#8221; alter_height=&#8221;none&#8221; hide_on_desktop=&#8221;&#8221; hide_on_notebook=&#8221;&#8221; hide_on_tablet=&#8221;&#8221; hide_on_mobile=&#8221;&#8221;][\/vc_column][\/vc_row][vc_row full_width=&#8221;stretch_row&#8221; hide_bg_image_on_tablet=&#8221;&#8221; hide_bg_image_on_mobile=&#8221;&#8221; css=&#8221;.vc_custom_1674424984313{background-image: url(https:\/\/www.campingpalazzina.ch\/wp-content\/uploads\/2023\/01\/DSC_1216.gif?id=1613) !important;background-position: center !important;background-repeat: no-repeat !important;background-size: cover !important;}&#8221;][vc_column fix_column=&#8221;&#8221; icons_position=&#8221;left&#8221;][vc_empty_space height=&#8221;10.8vw&#8221; alter_height=&#8221;none&#8221; hide_on_desktop=&#8221;&#8221; hide_on_notebook=&#8221;&#8221; hide_on_tablet=&#8221;&#8221; hide_on_mobile=&#8221;&#8221;][vc_empty_space height=&#8221;9vw&#8221; alter_height=&#8221;none&#8221;&hellip;<\/p>\n","protected":false},"author":1,"featured_media":0,"parent":0,"menu_order":0,"comment_status":"closed","ping_status":"closed","template":"","meta":{"footnotes":""},"class_list":["post-511","page","type-page","status-publish","hentry","cat_festival"],"_links":{"self":[{"href":"https:\/\/www.campingpalazzina.ch\/index.php\/wp-json\/wp\/v2\/pages\/511","targetHints":{"allow":["GET"]}}],"collection":[{"href":"https:\/\/www.campingpalazzina.ch\/index.php\/wp-json\/wp\/v2\/pages"}],"about":[{"href":"https:\/\/www.campingpalazzina.ch\/index.php\/wp-json\/wp\/v2\/types\/page"}],"author":[{"embeddable":true,"href":"https:\/\/www.campingpalazzina.ch\/index.php\/wp-json\/wp\/v2\/users\/1"}],"replies":[{"embeddable":true,"href":"https:\/\/www.campingpalazzina.ch\/index.php\/wp-json\/wp\/v2\/comments?post=511"}],"version-history":[{"count":24,"href":"https:\/\/www.campingpalazzina.ch\/index.php\/wp-json\/wp\/v2\/pages\/511\/revisions"}],"predecessor-version":[{"id":1851,"href":"https:\/\/www.campingpalazzina.ch\/index.php\/wp-json\/wp\/v2\/pages\/511\/revisions\/1851"}],"wp:attachment":[{"href":"https:\/\/www.campingpalazzina.ch\/index.php\/wp-json\/wp\/v2\/media?parent=511"}],"curies":[{"name":"wp","href":"https:\/\/api.w.org\/{rel}","templated":true}]}}